{"id":213,"date":"2025-02-18T18:55:28","date_gmt":"2025-02-18T17:55:28","guid":{"rendered":"http:\/\/www.lagrandefamilleduchien.fr\/?page_id=213"},"modified":"2025-05-09T10:29:42","modified_gmt":"2025-05-09T08:29:42","slug":"qui-sommes-nous","status":"publish","type":"page","link":"http:\/\/www.lagrandefamilleduchien.fr\/index.php\/qui-sommes-nous\/","title":{"rendered":"Qui sommes-nous"},"content":{"rendered":"\n<div class=\"wp-block-columns is-layout-flex wp-container-core-columns-is-layout-9d6595d7 wp-block-columns-is-layout-flex\">\n<div class=\"wp-block-column is-layout-flow wp-block-column-is-layout-flow\" style=\"flex-basis:66.66%\">\n<h2 class=\"wp-block-heading\">La Grande Famille du Chien<\/h2>\n\n\n\n<p class=\"has-text-align-justify\">Cr\u00e9ee en 2012, par Etienne Girardet, \u00e9ducateur canin, le projet a pour but de montrer la bonne cohabitation de nos amis \u00e0 quatre pattes avec la vie citadine.<\/p>\n\n\n\n<p>L&rsquo;association \u00e0 but non lucratif \u00ab\u00a0La Grande Famille du Chien\u00a0\u00bb d\u00e9veloppe un concept militant et convivial pour int\u00e9grer le chiens aupr\u00e8s des habitants et des usagers. Les potentielles nuisances caus\u00e9es par le chien peuvent rapidement devenir source de discorde entre voisins (aboiements, d\u00e9jections, agressivit\u00e9, etc.). <br>L&rsquo;association propose plusieurs types d&rsquo;activit\u00e9s, initiations, \u00e9v\u00e9nements, afin de sensibiliser les propri\u00e9taires de chien en les accompagner lors d&rsquo;apprentissage des bases de l&rsquo;\u00e9ducation canine. Cette m\u00e9thode permet aux propri\u00e9taires ou futur propri\u00e9taires \u00e0 sociabiliser son compagnon aux autre cong\u00e9n\u00e8res et \u00e9viter l&rsquo;isolement. Ces rassemblements sont aussi vecteur de partage d&rsquo;une m\u00eame passion, de bonnes pratiques et de conseils pr\u00e9cieux. <br>C&rsquo;est un pas prometteur \u00e0 la bonne int\u00e9gration du chien en milieu urbain et un moyen pr\u00e9ventif pour lutter contre l&rsquo;abandon.<\/p>\n\n\n\n<p>L\u2019association attire l\u2019attention des collectivit\u00e9s \u00e0 cr\u00e9er des zones d\u00e9di\u00e9es aux chiens.<\/p>\n\n\n\n<p>Ces espaces d\u00e9di\u00e9es sont la cl\u00e9s d\u2019une dynamique positive, de rencontre conviviales et de partage. Les espaces s\u00e9curis\u00e9s permettent une cohabitation parfaite entre les usagers des espaces publique et les propri\u00e9taires de chiens. Ces derniers pouvant \u00e9voluer en toute libert\u00e9.<\/p>\n\n\n\n<p>Pour cela l\u2019association a le soutien du Grand Dijon et de Saint Apollinaire.<\/p>\n\n\n\n<h3 class=\"wp-block-heading\">Notre \u00e9quipe<\/h3>\n<\/div>\n\n\n\n<div class=\"wp-block-column is-layout-flow wp-block-column-is-layout-flow\" style=\"flex-basis:33.33%\">\n<figure class=\"wp-block-image size-full is-resized is-style-rounded\"><img loading=\"lazy\" decoding=\"async\" width=\"500\" height=\"500\" src=\"http:\/\/www.lagrandefamilleduchien.fr\/wp-content\/uploads\/2025\/02\/Cadre1.png\" alt=\"\" class=\"wp-image-228\" style=\"object-fit:cover;width:149px;height:auto\" srcset=\"http:\/\/www.lagrandefamilleduchien.fr\/wp-content\/uploads\/2025\/02\/Cadre1.png 500w, http:\/\/www.lagrandefamilleduchien.fr\/wp-content\/uploads\/2025\/02\/Cadre1-300x300.png 300w, http:\/\/www.lagrandefamilleduchien.fr\/wp-content\/uploads\/2025\/02\/Cadre1-150x150.png 150w, http:\/\/www.lagrandefamilleduchien.fr\/wp-content\/uploads\/2025\/02\/Cadre1-270x270.png 270w\" sizes=\"auto, (max-width: 500px) 100vw, 500px\" \/><\/figure>\n\n\n\n<p>Le mot de la pr\u00e9sidente<\/p>\n<\/div>\n<\/div>\n\n\n\n<figure class=\"wp-block-image size-large\"><img loading=\"lazy\" decoding=\"async\" width=\"724\" height=\"1024\" src=\"http:\/\/www.lagrandefamilleduchien.fr\/wp-content\/uploads\/2025\/05\/Trombinoscope-2025.pdf-724x1024.png\" alt=\"\" class=\"wp-image-421\" srcset=\"http:\/\/www.lagrandefamilleduchien.fr\/wp-content\/uploads\/2025\/05\/Trombinoscope-2025.pdf-724x1024.png 724w, http:\/\/www.lagrandefamilleduchien.fr\/wp-content\/uploads\/2025\/05\/Trombinoscope-2025.pdf-212x300.png 212w, http:\/\/www.lagrandefamilleduchien.fr\/wp-content\/uploads\/2025\/05\/Trombinoscope-2025.pdf-768x1086.png 768w, http:\/\/www.lagrandefamilleduchien.fr\/wp-content\/uploads\/2025\/05\/Trombinoscope-2025.pdf-1086x1536.png 1086w, http:\/\/www.lagrandefamilleduchien.fr\/wp-content\/uploads\/2025\/05\/Trombinoscope-2025.pdf-1448x2048.png 1448w, http:\/\/www.lagrandefamilleduchien.fr\/wp-content\/uploads\/2025\/05\/Trombinoscope-2025.pdf-191x270.png 191w, http:\/\/www.lagrandefamilleduchien.fr\/wp-content\/uploads\/2025\/05\/Trombinoscope-2025.pdf.png 1587w\" sizes=\"auto, (max-width: 724px) 100vw, 724px\" \/><\/figure>\n","protected":false},"excerpt":{"rendered":"<p>La Grande Famille du Chien Cr\u00e9ee en 2012, par Etienne Girardet, \u00e9ducateur canin, le projet a pour but de montrer la bonne cohabitation de nos amis \u00e0 quatre pattes avec la vie citadine. L&rsquo;association \u00e0 but non lucratif \u00ab\u00a0La Grande Famille du Chien\u00a0\u00bb d\u00e9veloppe un concept militant et convivial pour int\u00e9grer le chiens aupr\u00e8s des habitants et des usagers. Les potentielles nuisances caus\u00e9es par le chien peuvent rapidement devenir source de discorde entre voisins (aboiements, d\u00e9jections, agressivit\u00e9, etc.). L&rsquo;association propose&#8230;<\/p>\n<p class=\"read-more\"><a class=\"btn btn-default\" href=\"http:\/\/www.lagrandefamilleduchien.fr\/index.php\/qui-sommes-nous\/\">Lire la suite<span class=\"screen-reader-text\"> Lire la suite<\/span><\/a><\/p>\n","protected":false},"author":1,"featured_media":0,"parent":0,"menu_order":0,"comment_status":"closed","ping_status":"closed","template":"","meta":{"footnotes":""},"class_list":["post-213","page","type-page","status-publish","hentry"],"_links":{"self":[{"href":"http:\/\/www.lagrandefamilleduchien.fr\/index.php\/wp-json\/wp\/v2\/pages\/213","targetHints":{"allow":["GET"]}}],"collection":[{"href":"http:\/\/www.lagrandefamilleduchien.fr\/index.php\/wp-json\/wp\/v2\/pages"}],"about":[{"href":"http:\/\/www.lagrandefamilleduchien.fr\/index.php\/wp-json\/wp\/v2\/types\/page"}],"author":[{"embeddable":true,"href":"http:\/\/www.lagrandefamilleduchien.fr\/index.php\/wp-json\/wp\/v2\/users\/1"}],"replies":[{"embeddable":true,"href":"http:\/\/www.lagrandefamilleduchien.fr\/index.php\/wp-json\/wp\/v2\/comments?post=213"}],"version-history":[{"count":10,"href":"http:\/\/www.lagrandefamilleduchien.fr\/index.php\/wp-json\/wp\/v2\/pages\/213\/revisions"}],"predecessor-version":[{"id":422,"href":"http:\/\/www.lagrandefamilleduchien.fr\/index.php\/wp-json\/wp\/v2\/pages\/213\/revisions\/422"}],"wp:attachment":[{"href":"http:\/\/www.lagrandefamilleduchien.fr\/index.php\/wp-json\/wp\/v2\/media?parent=213"}],"curies":[{"name":"wp","href":"https:\/\/api.w.org\/{rel}","templated":true}]}}